{"id":4,"date":"2016-06-24T11:09:55","date_gmt":"2016-06-24T11:09:55","guid":{"rendered":"http:\/\/bridge57.qodeinteractive.com\/?page_id=4"},"modified":"2024-11-09T10:25:11","modified_gmt":"2024-11-09T09:25:11","slug":"inicio","status":"publish","type":"page","link":"https:\/\/guiascastillalamancha.com\/es\/","title":{"rendered":"Inicio"},"content":{"rendered":"<div class=\"wpb-content-wrapper\"><p>[vc_row css_animation=\u00bb\u00bb row_type=\u00bbrow\u00bb use_row_as_full_screen_section=\u00bbno\u00bb type=\u00bbfull_width\u00bb angled_section=\u00bbno\u00bb text_align=\u00bbleft\u00bb background_image_as_pattern=\u00bbwithout_pattern\u00bb][vc_column][vc_empty_space height=\u00bb40px\u00bb][\/vc_column][\/vc_row][vc_row css_animation=\u00bb\u00bb row_type=\u00bbrow\u00bb use_row_as_full_screen_section=\u00bbno\u00bb type=\u00bbgrid\u00bb angled_section=\u00bbno\u00bb text_align=\u00bbcenter\u00bb background_image_as_pattern=\u00bbwithout_pattern\u00bb anchor=\u00bbabout\u00bb background_color=\u00bb#ffffff\u00bb css=\u00bb.vc_custom_1482413110190{padding-top: 2% !important;padding-bottom: 2% !important;}\u00bb][vc_column offset=\u00bbvc_col-lg-offset-2 vc_col-lg-8 vc_col-md-offset-1 vc_col-md-10&#8243; css=\u00bb.vc_custom_1467624556435{padding-right: 8% !important;padding-left: 8% !important;}\u00bb][vc_column_text]<\/p>\n<h2 style=\"text-align: center;\">Asociaci\u00f3n de Gu\u00edas Oficiales<\/h2>\n<h2 style=\"text-align: center;\">de Turismo de<\/h2>\n<h2 style=\"text-align: center;\">Castilla y La Mancha<\/h2>\n<p>[\/vc_column_text][vc_empty_space height=\u00bb8px\u00bb][vc_column_text]APIT Castilla-La Mancha re\u00fane en su asociaci\u00f3n a la mayor\u00eda de gu\u00edas oficiales de las distintas provincias de la regi\u00f3n con la finalidad principal de acercar a los visitantes de una manera \u00fanica y profesional a nuestro rico patrimonio hist\u00f3rico-art\u00edstico y monumental.<\/p>\n<p>All\u00e1 donde te encuentres en Castilla-La Mancha encontrar\u00e1s un gu\u00eda oficial habilitado, de calidad y profesional que te har\u00e1 descubrir lo m\u00e1s profundo de nuestras ra\u00edces.[\/vc_column_text][\/vc_column][\/vc_row][vc_row css_animation=\u00bb\u00bb row_type=\u00bbrow\u00bb use_row_as_full_screen_section=\u00bbno\u00bb type=\u00bbgrid\u00bb angled_section=\u00bbno\u00bb text_align=\u00bbleft\u00bb background_image_as_pattern=\u00bbwithout_pattern\u00bb][vc_column width=\u00bb1\/4&#8243;]<div class='q_icon_with_title medium normal_icon center '><div class=\"icon_holder \" style=\" \"><span data-icon-type=\"normal\" data-icon-hover-color=\"#eaeaea\" class=\"qode_iwt_icon_holder q_font_awsome_icon fa-3x  \"><i class=\"qode_icon_font_awesome fa fa-users qode_iwt_icon_element\" style=\"color: #d3bbc9\"><\/i><\/span><\/div><div class=\"icon_text_holder\" style=\"\"><div class=\"icon_text_inner\" style=\"\"><h4 class=\"icon_title\" style=\"\">Gu\u00edas Oficiales Titulados<\/h4><p style=''><\/p><\/div><\/div><\/div>[vc_empty_space height=\u00bb10px\u00bb][vc_column_text]Todos los integrantes de nuestra Asociaci\u00f3n est\u00e1n habilitados con el carnet de Gu\u00eda Oficial de Turismo, autorizaci\u00f3n b\u00e1sica e indispensable para poder ejercer la profesi\u00f3n.[\/vc_column_text][vc_empty_space height=\u00bb40px\u00bb][\/vc_column][vc_column width=\u00bb1\/4&#8243;]<div class='q_icon_with_title medium normal_icon center '><div class=\"icon_holder \" style=\" \"><span data-icon-type=\"normal\" data-icon-hover-color=\"#eaeaea\" class=\"qode_iwt_icon_holder q_font_awsome_icon fa-3x  \"><i class=\"qode_icon_font_awesome fa fa-hand-o-right qode_iwt_icon_element\" style=\"color: #d3bbc9\"><\/i><\/span><\/div><div class=\"icon_text_holder\" style=\"\"><div class=\"icon_text_inner\" style=\"\"><h4 class=\"icon_title\" style=\"\">Calidad en el Servicio<\/h4><p style=''><\/p><\/div><\/div><\/div>[vc_empty_space height=\u00bb10px\u00bb][vc_column_text]La formaci\u00f3n acad\u00e9mica de todos nuestros miembros y los cursos anuales de actualizaci\u00f3n realizados por la Asociaci\u00f3n hacen de la Calidad de nuestro servicio un referente a nivel nacional y una m\u00e1xima para todos nosotros.[\/vc_column_text][vc_empty_space height=\u00bb40px\u00bb][\/vc_column][vc_column width=\u00bb1\/4&#8243;]<div class='q_icon_with_title medium normal_icon center '><div class=\"icon_holder \" style=\" \"><span data-icon-type=\"normal\" data-icon-hover-color=\"#eaeaea\" class=\"qode_iwt_icon_holder q_font_awsome_icon fa-3x  \"><i class=\"qode_icon_font_awesome fa fa-arrow-circle-up qode_iwt_icon_element\" style=\"color: #d3bbc9\"><\/i><\/span><\/div><div class=\"icon_text_holder\" style=\"\"><div class=\"icon_text_inner\" style=\"\"><h4 class=\"icon_title\" style=\"\">Experiencia<\/h4><p style=''><\/p><\/div><\/div><\/div>[vc_empty_space height=\u00bb10px\u00bb][vc_column_text]Son m\u00e1s de 40 a\u00f1os los que nos avalan como Asociaci\u00f3n. Si la experiencia es un grado, aqu\u00ed tenemos mucha que sumar a nuestro trabajo diario.[\/vc_column_text][vc_empty_space height=\u00bb40px\u00bb][\/vc_column][vc_column width=\u00bb1\/4&#8243;]<div class='q_icon_with_title medium normal_icon center '><div class=\"icon_holder \" style=\" \"><span data-icon-type=\"normal\" data-icon-hover-color=\"#eaeaea\" class=\"qode_iwt_icon_holder q_font_awsome_icon fa-3x  \"><i class=\"qode_icon_font_awesome fa fa-check-circle-o qode_iwt_icon_element\" style=\"color: #d3bbc9\"><\/i><\/span><\/div><div class=\"icon_text_holder\" style=\"\"><div class=\"icon_text_inner\" style=\"\"><h4 class=\"icon_title\" style=\"\">Profesionalidad<\/h4><p style=''><\/p><\/div><\/div><\/div>[vc_empty_space height=\u00bb10px\u00bb][vc_column_text]Desde visitas privadas hasta visitas especializadas, pasando por grupos de todo tipo, nuestro esfuerzo va siempre dirigido a que el visitante, sea cual sea su origen o nivel, pueda captar la esencia de la ciudad y de todos y cada uno de los monumentos que desee conocer.[\/vc_column_text][vc_empty_space height=\u00bb40px\u00bb][\/vc_column][\/vc_row][vc_row css_animation=\u00bb\u00bb row_type=\u00bbrow\u00bb use_row_as_full_screen_section=\u00bbno\u00bb type=\u00bbgrid\u00bb angled_section=\u00bbno\u00bb text_align=\u00bbleft\u00bb background_image_as_pattern=\u00bbwithout_pattern\u00bb][vc_column][vc_column_text]<\/p>\n<h2 style=\"text-align: center;\">Nuestras rutas guiadas<\/h2>\n<p>[\/vc_column_text][vc_empty_space height=\u00bb40px\u00bb][vc_column_text]<\/p>\n<p style=\"text-align: center;\">Ven a Castilla-La Mancha y desc\u00fabrela! Descubre sus impresionantes monumentos, su herencia hist\u00f3rica, sus parajes naturales, su gastronom\u00eda y sus gentes. Ad\u00e9ntrate en una regi\u00f3n llena de riquezas de la manera m\u00e1s precisa, veraz, amena y profesional con nuestros gu\u00edas oficiales!<\/p>\n<p>[\/vc_column_text][vc_empty_space height=\u00bb40px\u00bb][\/vc_column][\/vc_row][vc_row css_animation=\u00bb\u00bb row_type=\u00bbrow\u00bb use_row_as_full_screen_section=\u00bbyes\u00bb type=\u00bbgrid\u00bb angled_section=\u00bbno\u00bb text_align=\u00bbleft\u00bb background_image_as_pattern=\u00bbwithout_pattern\u00bb css=\u00bb.vc_custom_1480413837433{padding-right: 8% !important;padding-left: 8% !important;}\u00bb][vc_column width=\u00bb1\/3&#8243;][vc_single_image image=\u00bb367&#8243; img_size=\u00bb600&#215;600&#8243; onclick=\u00bbcustom_link\u00bb qode_css_animation=\u00bb\u00bb link=\u00bb\/albacete\/\u00bb][vc_empty_space height=\u00bb10px\u00bb][vc_column_text]<\/p>\n<h2 style=\"text-align: center;\">Albacete<\/h2>\n<p>[\/vc_column_text][vc_empty_space height=\u00bb40px\u00bb][\/vc_column][vc_column width=\u00bb1\/3&#8243;][vc_single_image image=\u00bb506&#8243; img_size=\u00bb600&#215;600&#8243; onclick=\u00bbcustom_link\u00bb qode_css_animation=\u00bb\u00bb link=\u00bb\/ciudad-real\/\u00bb][vc_empty_space height=\u00bb10px\u00bb][vc_column_text]<\/p>\n<h2 style=\"text-align: center;\">Ciudad Real<\/h2>\n<p>[\/vc_column_text][vc_empty_space height=\u00bb40px\u00bb][\/vc_column][vc_column width=\u00bb1\/3&#8243;][vc_single_image image=\u00bb378&#8243; img_size=\u00bb600&#215;600&#8243; onclick=\u00bbcustom_link\u00bb qode_css_animation=\u00bb\u00bb link=\u00bb\/cuenca\/\u00bb][vc_empty_space height=\u00bb10px\u00bb][vc_column_text]<\/p>\n<h2 style=\"text-align: center;\">Cuenca<\/h2>\n<p>[\/vc_column_text][vc_empty_space height=\u00bb40px\u00bb][\/vc_column][\/vc_row][vc_row css_animation=\u00bb\u00bb row_type=\u00bbrow\u00bb use_row_as_full_screen_section=\u00bbyes\u00bb type=\u00bbgrid\u00bb angled_section=\u00bbno\u00bb text_align=\u00bbleft\u00bb background_image_as_pattern=\u00bbwithout_pattern\u00bb css=\u00bb.vc_custom_1480413837433{padding-right: 8% !important;padding-left: 8% !important;}\u00bb][vc_column width=\u00bb1\/3&#8243;][vc_single_image image=\u00bb371&#8243; img_size=\u00bb600&#215;600&#8243; onclick=\u00bbcustom_link\u00bb qode_css_animation=\u00bb\u00bb link=\u00bb\/guadalajara\/\u00bb][vc_empty_space height=\u00bb10px\u00bb][vc_column_text]<\/p>\n<h2 style=\"text-align: center;\">Guadalajara<\/h2>\n<p>[\/vc_column_text][vc_empty_space height=\u00bb40px\u00bb][\/vc_column][vc_column width=\u00bb1\/3&#8243;][vc_single_image image=\u00bb566&#8243; img_size=\u00bb600&#215;600&#8243; onclick=\u00bbcustom_link\u00bb qode_css_animation=\u00bb\u00bb link=\u00bb\/toledo\/\u00bb][vc_empty_space height=\u00bb10px\u00bb][vc_column_text]<\/p>\n<h2 style=\"text-align: center;\">Toledo<\/h2>\n<p>[\/vc_column_text][vc_empty_space height=\u00bb40px\u00bb][\/vc_column][vc_column width=\u00bb1\/3&#8243;][vc_single_image image=\u00bb368&#8243; img_size=\u00bb600&#215;600&#8243; qode_css_animation=\u00bb\u00bb][vc_empty_space height=\u00bb10px\u00bb][vc_column_text]<\/p>\n<h2 style=\"text-align: center;\">La Mancha<\/h2>\n<p>[\/vc_column_text][vc_empty_space height=\u00bb40px\u00bb][\/vc_column][\/vc_row][vc_row css_animation=\u00bb\u00bb row_type=\u00bbrow\u00bb use_row_as_full_screen_section=\u00bbno\u00bb type=\u00bbfull_width\u00bb angled_section=\u00bbno\u00bb text_align=\u00bbleft\u00bb background_image_as_pattern=\u00bbwithout_pattern\u00bb][vc_column][vc_empty_space height=\u00bb40px\u00bb][\/vc_column][\/vc_row]<\/p>\n<\/div>","protected":false},"excerpt":{"rendered":"<p>[vc_row css_animation=\u00bb\u00bb row_type=\u00bbrow\u00bb use_row_as_full_screen_section=\u00bbno\u00bb type=\u00bbfull_width\u00bb angled_section=\u00bbno\u00bb text_align=\u00bbleft\u00bb background_image_as_pattern=\u00bbwithout_pattern\u00bb][vc_column][vc_empty_space height=\u00bb40px\u00bb][\/vc_column][\/vc_row][vc_row css_animation=\u00bb\u00bb row_type=\u00bbrow\u00bb use_row_as_full_screen_section=\u00bbno\u00bb type=\u00bbgrid\u00bb angled_section=\u00bbno\u00bb text_align=\u00bbcenter\u00bb background_image_as_pattern=\u00bbwithout_pattern\u00bb anchor=\u00bbabout\u00bb background_color=\u00bb#ffffff\u00bb css=\u00bb.vc_custom_1482413110190{padding-top: 2% !important;padding-bottom: 2% !important;}\u00bb][vc_column offset=\u00bbvc_col-lg-offset-2 vc_col-lg-8 vc_col-md-offset-1 vc_col-md-10&#8243; css=\u00bb.vc_custom_1467624556435{padding-right: 8% !important;padding-left: 8% !important;}\u00bb][vc_column_text] Asociaci\u00f3n de Gu\u00edas Oficiales de Turismo de Castilla y La Mancha [\/vc_column_text][vc_empty_space height=\u00bb8px\u00bb][vc_column_text]APIT&#8230;<\/p>\n","protected":false},"author":1,"featured_media":0,"parent":0,"menu_order":0,"comment_status":"closed","ping_status":"closed","template":"full_width.php","meta":{"footnotes":""},"class_list":["post-4","page","type-page","status-publish","hentry"],"yoast_head":"<!-- This site is optimized with the Yoast SEO plugin v27.3 - https:\/\/yoast.com\/product\/yoast-seo-wordpress\/ -->\n<title>Gu\u00edas de turismo oficiales de Toledo, Albacete, Ciudad Real, Cuenca, Guadalajara y La Mancha<\/title>\n<meta name=\"description\" content=\"Asociaci\u00f3n de gu\u00edas oficiales de turismo de Castilla y La Mancha. Contrata tu gu\u00eda para: Toledo, Albacete, Ciudad Real, Cuenca, Guadalajara y La Mancha.\" \/>\n<meta name=\"robots\" content=\"index, follow, max-snippet:-1, max-image-preview:large, max-video-preview:-1\" \/>\n<link rel=\"canonical\" href=\"https:\/\/guiascastillalamancha.com\/es\/\" \/>\n<meta property=\"og:locale\" content=\"es_ES\" \/>\n<meta property=\"og:type\" content=\"article\" \/>\n<meta property=\"og:title\" content=\"Gu\u00edas de turismo oficiales de Toledo, Albacete, Ciudad Real, Cuenca, Guadalajara y La Mancha\" \/>\n<meta property=\"og:description\" content=\"Asociaci\u00f3n de gu\u00edas oficiales de turismo de Castilla y La Mancha. Contrata tu gu\u00eda para: Toledo, Albacete, Ciudad Real, Cuenca, Guadalajara y La Mancha.\" \/>\n<meta property=\"og:url\" content=\"https:\/\/guiascastillalamancha.com\/es\/\" \/>\n<meta property=\"og:site_name\" content=\"Gu\u00edas de Castilla la Mancha\" \/>\n<meta property=\"article:modified_time\" content=\"2024-11-09T09:25:11+00:00\" \/>\n<meta name=\"twitter:card\" content=\"summary_large_image\" \/>\n<meta name=\"twitter:label1\" content=\"Tiempo de lectura\" \/>\n\t<meta name=\"twitter:data1\" content=\"3 minutos\" \/>\n<script type=\"application\/ld+json\" class=\"yoast-schema-graph\">{\"@context\":\"https:\\\/\\\/schema.org\",\"@graph\":[{\"@type\":\"WebPage\",\"@id\":\"https:\\\/\\\/guiascastillalamancha.com\\\/es\\\/\",\"url\":\"https:\\\/\\\/guiascastillalamancha.com\\\/es\\\/\",\"name\":\"Gu\u00edas de turismo oficiales de Toledo, Albacete, Ciudad Real, Cuenca, Guadalajara y La Mancha\",\"isPartOf\":{\"@id\":\"https:\\\/\\\/guiascastillalamancha.com\\\/es\\\/#website\"},\"datePublished\":\"2016-06-24T11:09:55+00:00\",\"dateModified\":\"2024-11-09T09:25:11+00:00\",\"description\":\"Asociaci\u00f3n de gu\u00edas oficiales de turismo de Castilla y La Mancha. Contrata tu gu\u00eda para: Toledo, Albacete, Ciudad Real, Cuenca, Guadalajara y La Mancha.\",\"breadcrumb\":{\"@id\":\"https:\\\/\\\/guiascastillalamancha.com\\\/es\\\/#breadcrumb\"},\"inLanguage\":\"es\",\"potentialAction\":[{\"@type\":\"ReadAction\",\"target\":[\"https:\\\/\\\/guiascastillalamancha.com\\\/es\\\/\"]}]},{\"@type\":\"BreadcrumbList\",\"@id\":\"https:\\\/\\\/guiascastillalamancha.com\\\/es\\\/#breadcrumb\",\"itemListElement\":[{\"@type\":\"ListItem\",\"position\":1,\"name\":\"Portada\",\"item\":\"https:\\\/\\\/guiascastillalamancha.com\\\/es\\\/\"},{\"@type\":\"ListItem\",\"position\":2,\"name\":\"Inicio\"}]},{\"@type\":\"WebSite\",\"@id\":\"https:\\\/\\\/guiascastillalamancha.com\\\/es\\\/#website\",\"url\":\"https:\\\/\\\/guiascastillalamancha.com\\\/es\\\/\",\"name\":\"Gu\u00edas de Castilla la Mancha\",\"description\":\"Gu\u00edas Tur\u00edsticos para Toledo, Albacete, Ciudad Real, Cuenca y Guadalajara\",\"potentialAction\":[{\"@type\":\"SearchAction\",\"target\":{\"@type\":\"EntryPoint\",\"urlTemplate\":\"https:\\\/\\\/guiascastillalamancha.com\\\/es\\\/?s={search_term_string}\"},\"query-input\":{\"@type\":\"PropertyValueSpecification\",\"valueRequired\":true,\"valueName\":\"search_term_string\"}}],\"inLanguage\":\"es\"}]}<\/script>\n<!-- \/ Yoast SEO plugin. -->","yoast_head_json":{"title":"Gu\u00edas de turismo oficiales de Toledo, Albacete, Ciudad Real, Cuenca, Guadalajara y La Mancha","description":"Asociaci\u00f3n de gu\u00edas oficiales de turismo de Castilla y La Mancha. Contrata tu gu\u00eda para: Toledo, Albacete, Ciudad Real, Cuenca, Guadalajara y La Mancha.","robots":{"index":"index","follow":"follow","max-snippet":"max-snippet:-1","max-image-preview":"max-image-preview:large","max-video-preview":"max-video-preview:-1"},"canonical":"https:\/\/guiascastillalamancha.com\/es\/","og_locale":"es_ES","og_type":"article","og_title":"Gu\u00edas de turismo oficiales de Toledo, Albacete, Ciudad Real, Cuenca, Guadalajara y La Mancha","og_description":"Asociaci\u00f3n de gu\u00edas oficiales de turismo de Castilla y La Mancha. Contrata tu gu\u00eda para: Toledo, Albacete, Ciudad Real, Cuenca, Guadalajara y La Mancha.","og_url":"https:\/\/guiascastillalamancha.com\/es\/","og_site_name":"Gu\u00edas de Castilla la Mancha","article_modified_time":"2024-11-09T09:25:11+00:00","twitter_card":"summary_large_image","twitter_misc":{"Tiempo de lectura":"3 minutos"},"schema":{"@context":"https:\/\/schema.org","@graph":[{"@type":"WebPage","@id":"https:\/\/guiascastillalamancha.com\/es\/","url":"https:\/\/guiascastillalamancha.com\/es\/","name":"Gu\u00edas de turismo oficiales de Toledo, Albacete, Ciudad Real, Cuenca, Guadalajara y La Mancha","isPartOf":{"@id":"https:\/\/guiascastillalamancha.com\/es\/#website"},"datePublished":"2016-06-24T11:09:55+00:00","dateModified":"2024-11-09T09:25:11+00:00","description":"Asociaci\u00f3n de gu\u00edas oficiales de turismo de Castilla y La Mancha. Contrata tu gu\u00eda para: Toledo, Albacete, Ciudad Real, Cuenca, Guadalajara y La Mancha.","breadcrumb":{"@id":"https:\/\/guiascastillalamancha.com\/es\/#breadcrumb"},"inLanguage":"es","potentialAction":[{"@type":"ReadAction","target":["https:\/\/guiascastillalamancha.com\/es\/"]}]},{"@type":"BreadcrumbList","@id":"https:\/\/guiascastillalamancha.com\/es\/#breadcrumb","itemListElement":[{"@type":"ListItem","position":1,"name":"Portada","item":"https:\/\/guiascastillalamancha.com\/es\/"},{"@type":"ListItem","position":2,"name":"Inicio"}]},{"@type":"WebSite","@id":"https:\/\/guiascastillalamancha.com\/es\/#website","url":"https:\/\/guiascastillalamancha.com\/es\/","name":"Gu\u00edas de Castilla la Mancha","description":"Gu\u00edas Tur\u00edsticos para Toledo, Albacete, Ciudad Real, Cuenca y Guadalajara","potentialAction":[{"@type":"SearchAction","target":{"@type":"EntryPoint","urlTemplate":"https:\/\/guiascastillalamancha.com\/es\/?s={search_term_string}"},"query-input":{"@type":"PropertyValueSpecification","valueRequired":true,"valueName":"search_term_string"}}],"inLanguage":"es"}]}},"_links":{"self":[{"href":"https:\/\/guiascastillalamancha.com\/es\/wp-json\/wp\/v2\/pages\/4","targetHints":{"allow":["GET"]}}],"collection":[{"href":"https:\/\/guiascastillalamancha.com\/es\/wp-json\/wp\/v2\/pages"}],"about":[{"href":"https:\/\/guiascastillalamancha.com\/es\/wp-json\/wp\/v2\/types\/page"}],"author":[{"embeddable":true,"href":"https:\/\/guiascastillalamancha.com\/es\/wp-json\/wp\/v2\/users\/1"}],"replies":[{"embeddable":true,"href":"https:\/\/guiascastillalamancha.com\/es\/wp-json\/wp\/v2\/comments?post=4"}],"version-history":[{"count":0,"href":"https:\/\/guiascastillalamancha.com\/es\/wp-json\/wp\/v2\/pages\/4\/revisions"}],"wp:attachment":[{"href":"https:\/\/guiascastillalamancha.com\/es\/wp-json\/wp\/v2\/media?parent=4"}],"curies":[{"name":"wp","href":"https:\/\/api.w.org\/{rel}","templated":true}]}}